{"id":2,"date":"2014-04-11T16:24:50","date_gmt":"2014-04-11T16:24:50","guid":{"rendered":"http:\/\/ivirtivik.org\/?page_id=2"},"modified":"2023-11-24T01:42:05","modified_gmt":"2023-11-24T00:42:05","slug":"accueil","status":"publish","type":"page","link":"http:\/\/ivirtivik.org\/fr\/","title":{"rendered":"Accueil"},"content":{"rendered":"<section  class=\"slideshow \">\n<div class=\"slide active\"><a href=\"\/services\/\"><img decoding=\"async\" src=\"http:\/\/ivirtivik.org\/wp-content\/uploads\/2014\/04\/photo-accueil.jpg\" alt=\"\"><\/a><\/p>\n<div class=\"text-layer\"><a href=\"\/services\/\"><span class=\"span1\">Des ressources<\/span><span class=\"span2\">pour vous aider<\/span><\/a><\/div>\n<\/div>\n<div class=\"slide\"><a href=\"\/contacts\/\"><img decoding=\"async\" src=\"http:\/\/ivirtivik.org\/wp-content\/uploads\/2014\/04\/photo-a-propos.jpg\" alt=\"\"><\/a><\/p>\n<div class=\"text-layer\"><a href=\"\/contacts\/\"><span class=\"span1\">Une \u00e9quipe<\/span><span class=\"span2\">d\u00e9vou\u00e9e<\/span><\/a><\/div>\n<\/div>\n<div class=\"slide\"><a href=\"\/a-propos\/\"><img decoding=\"async\" src=\"http:\/\/ivirtivik.org\/wp-content\/uploads\/2014\/04\/photo-contacts.jpg\" alt=\"\"><\/a><\/p>\n<div class=\"text-layer\"><a href=\"\/a-propos\/\"><span class=\"span1\">Un projet d\u00e9di\u00e9<\/span><span class=\"span2\">\u00e0 la communaut\u00e9 inuit<\/span><\/a><\/div>\n<\/div>\n<\/section>\n<section  class=\"showcase \">\n<div class=\"wrapper\">\n<div class=\"tile \">\n<div class=\"hd\">Nouvelles<\/div>\n<div class=\"bd\">\n<h1 class=\"post-title\">Diverses belles activit\u00e9s ont eu lieu au cours de l\u2019automne et de l\u2019hiver au Centre Ivirtivik \u00e0 Verdun.<\/h1>\n<div class=\"post-meta\">Mars 2020 . G\u00e9n\u00e9ral<\/div>\n<div class=\"content\">\n<div class=\"read-more\"><a href=\"http:\/\/ivirtivik.org\/fr\/diverses-belles-activites-ont-eu-lieu-au-cours-de-lautomne-et-de-lhiver-au-centre-ivirtivik-a-verdun\/\">Lire la suite<\/a><\/div>\n<\/div>\n<\/div>\n<\/div>\n<\/div>\n<div class=\"wrapper\">\n<div class=\"tile \">\n<div class=\"hd\">Nouvelles<\/div>\n<div class=\"bd\">\n<h1 class=\"post-title\">Bienvenue sur ivirtivik.org<\/h1>\n<div class=\"post-meta\">Avril 2014 . G\u00e9n\u00e9ral<\/div>\n<div class=\"content\">\n<p>Le site Web du projet Ivirtivik est enfin en ligne! C\u2019est avec l\u2019intention de faire conna\u00eetre les services d\u2019emploi d\u2019Ivirtivik &#8230;<\/p>\n<div class=\"read-more\"><a href=\"http:\/\/ivirtivik.org\/fr\/bienvenue-sur-ivirtivik-org\/\">Lire la suite<\/a><\/div>\n<\/div>\n<\/div>\n<\/div>\n<\/div>\n<div class=\"wrapper\">\n<div  class=\"tile contact\">\n<div  class=\"hd \">Contact<\/div>\n<div class=\"bd\">\n<h6>Centre Ivirtivik<\/h6>\n<p class=\"address\">4590 de verdun no 200<br \/>\nMontr\u00e9al, Qu\u00e9bec<br \/>\nH4G 1M3<\/p>\n<p><em>T<\/em> 514 564 3051<br \/>\n<em>F<\/em> 514 419 2439<\/p>\n<p>&nbsp;<\/p>\n<\/div>\n<\/div>\n<\/div>\n<\/section>\n<p><strong>Conform\u00e9ment \u00e0 la Loi 25; Loi sur la protection des renseignements personnels dans le secteur priv\u00e9<\/strong>, Madame Isabelle Pr\u00e9gent est la personne responsable de la protection des renseignements personnels pour l\u2019organisme.<\/p>\n","protected":false},"excerpt":{"rendered":"<p>Des ressourcespour vous aider Une \u00e9quiped\u00e9vou\u00e9e Un projet d\u00e9di\u00e9\u00e0 la communaut\u00e9 inuit Nouvelles Diverses belles activit\u00e9s ont eu lieu au cours de l\u2019automne et de l\u2019hiver au Centre Ivirtivik \u00e0 Verdun. Mars 2020 . G\u00e9n\u00e9ral Lire la suite Nouvelles Bienvenue sur ivirtivik.org Avril 2014 . G\u00e9n\u00e9ral Le site Web du projet Ivirtivik est enfin en [&hellip;]<\/p>\n","protected":false},"author":1,"featured_media":0,"parent":0,"menu_order":0,"comment_status":"open","ping_status":"closed","template":"","meta":{"footnotes":""},"class_list":["post-2","page","type-page","status-publish","hentry"],"_links":{"self":[{"href":"http:\/\/ivirtivik.org\/fr\/wp-json\/wp\/v2\/pages\/2","targetHints":{"allow":["GET"]}}],"collection":[{"href":"http:\/\/ivirtivik.org\/fr\/wp-json\/wp\/v2\/pages"}],"about":[{"href":"http:\/\/ivirtivik.org\/fr\/wp-json\/wp\/v2\/types\/page"}],"author":[{"embeddable":true,"href":"http:\/\/ivirtivik.org\/fr\/wp-json\/wp\/v2\/users\/1"}],"replies":[{"embeddable":true,"href":"http:\/\/ivirtivik.org\/fr\/wp-json\/wp\/v2\/comments?post=2"}],"version-history":[{"count":27,"href":"http:\/\/ivirtivik.org\/fr\/wp-json\/wp\/v2\/pages\/2\/revisions"}],"predecessor-version":[{"id":659,"href":"http:\/\/ivirtivik.org\/fr\/wp-json\/wp\/v2\/pages\/2\/revisions\/659"}],"wp:attachment":[{"href":"http:\/\/ivirtivik.org\/fr\/wp-json\/wp\/v2\/media?parent=2"}],"curies":[{"name":"wp","href":"https:\/\/api.w.org\/{rel}","templated":true}]}}